{"id":1238,"date":"2025-01-07T14:11:25","date_gmt":"2025-01-07T12:11:25","guid":{"rendered":"https:\/\/www.miravinya.cat\/belvederes"},"modified":"2025-01-20T13:03:30","modified_gmt":"2025-01-20T11:03:30","slug":"belvederes","status":"publish","type":"page","link":"https:\/\/www.miravinya.cat\/fr\/belvederes","title":{"rendered":"Belv\u00e9d\u00e8res"},"content":{"rendered":"<p><div class=\"fusion-fullwidth fullwidth-box fusion-builder-row-1 fusion-flex-container has-pattern-background has-mask-background nonhundred-percent-fullwidth non-hundred-percent-height-scrolling\" style=\"--awb-border-radius-top-left:0px;--awb-border-radius-top-right:0px;--awb-border-radius-bottom-right:0px;--awb-border-radius-bottom-left:0px;--awb-margin-top:20px;--awb-margin-bottom:0px;--awb-flex-wrap:wrap;\" ><div class=\"fusion-builder-row fusion-row fusion-flex-align-items-flex-start fusion-flex-justify-content-center fusion-flex-content-wrap\" style=\"max-width:1664px;margin-left: calc(-4% \/ 2 );margin-right: calc(-4% \/ 2 );\"><div class=\"fusion-layout-column fusion_builder_column fusion-builder-column-0 fusion_builder_column_3_4 3_4 fusion-flex-column\" style=\"--awb-bg-size:cover;--awb-width-large:75%;--awb-margin-top-large:0px;--awb-spacing-right-large:2.56%;--awb-margin-bottom-large:20px;--awb-spacing-left-large:2.56%;--awb-width-medium:75%;--awb-order-medium:0;--awb-spacing-right-medium:2.56%;--awb-spacing-left-medium:2.56%;--awb-width-small:100%;--awb-order-small:0;--awb-spacing-right-small:1.92%;--awb-spacing-left-small:1.92%;\"><div class=\"fusion-column-wrapper fusion-column-has-shadow fusion-flex-justify-content-flex-start fusion-content-layout-column\"><div class=\"fusion-title title fusion-title-1 fusion-sep-none fusion-title-center fusion-title-text fusion-title-size-one\"><h1 class=\"fusion-title-heading title-heading-center fusion-responsive-typography-calculated\" style=\"margin:0;--fontSize:64;line-height:1.1;\">Belv\u00e9d\u00e8res<\/h1><\/div><div class=\"fusion-text fusion-text-1\" style=\"--awb-content-alignment:center;\"><p>Voyagez \u00e0 travers la g\u00e9ographie, la nature, la culture et l\u2019histoire des paysages viticoles.<\/p>\n<\/div><\/div><\/div><\/div><\/div><div class=\"fusion-fullwidth fullwidth-box fusion-builder-row-2 fusion-flex-container has-pattern-background has-mask-background nonhundred-percent-fullwidth non-hundred-percent-height-scrolling\" style=\"--awb-border-radius-top-left:0px;--awb-border-radius-top-right:0px;--awb-border-radius-bottom-right:0px;--awb-border-radius-bottom-left:0px;--awb-flex-wrap:wrap;\" ><div class=\"fusion-builder-row fusion-row fusion-flex-align-items-flex-start fusion-flex-justify-content-center fusion-flex-content-wrap\" style=\"max-width:1664px;margin-left: calc(-4% \/ 2 );margin-right: calc(-4% \/ 2 );\"><div class=\"fusion-layout-column fusion_builder_column fusion-builder-column-1 fusion_builder_column_1_1 1_1 fusion-flex-column\" style=\"--awb-bg-size:cover;--awb-width-large:100%;--awb-margin-top-large:0px;--awb-spacing-right-large:1.92%;--awb-margin-bottom-large:20px;--awb-spacing-left-large:1.92%;--awb-width-medium:100%;--awb-order-medium:0;--awb-spacing-right-medium:1.92%;--awb-spacing-left-medium:1.92%;--awb-width-small:100%;--awb-order-small:0;--awb-spacing-right-small:1.92%;--awb-spacing-left-small:1.92%;\"><div class=\"fusion-column-wrapper fusion-column-has-shadow fusion-flex-justify-content-flex-start fusion-content-layout-column\"><div class=\"fusion-text fusion-text-2\"><div class=\"mir-grid\"><div class=\"mir-grid-item\" style=\"border-bottom: 20px solid #a6d0c8;\"><div  class=\"fusion-image-wrapper fusion-image-size-fixed\" aria-haspopup=\"true\">\n\t\t\t\t\t\t\t<a href=\"\" aria-label=\"Miravinya Chapelle de Sant Elies\">\n\t\t\t\t\t\t\t<img decoding=\"async\" width=\"800\" height=\"800\" src=\"https:\/\/www.miravinya.cat\/wp-content\/uploads\/2025\/01\/mediona_-800x800.jpg\" class=\"attachment-miravinya-quadrat size-miravinya-quadrat wp-post-image\" alt=\"\" srcset=\"https:\/\/www.miravinya.cat\/wp-content\/uploads\/2025\/01\/mediona_-66x66.jpg 66w, https:\/\/www.miravinya.cat\/wp-content\/uploads\/2025\/01\/mediona_-150x150.jpg 150w, https:\/\/www.miravinya.cat\/wp-content\/uploads\/2025\/01\/mediona_-800x800.jpg 800w\" sizes=\"(max-width: 800px) 100vw, 800px\" \/>\t\t\t<\/a>\n\t\t\t\t\t\t\t<\/div>\n<a href=\"https:\/\/www.miravinya.cat\/fr\/mirador\/miravinya-ermita-de-sant-elies\"><div class=\"mir-grid-content\"><h3 class=\"mir-grid-title\">Miravinya Chapelle de Sant Elies<\/h3><h5 class=\"mir-grid-title\">Mediona<\/h5><\/div><\/a><\/div><div class=\"mir-grid-item\" style=\"border-bottom: 20px solid #eac9b4;\"><div  class=\"fusion-image-wrapper fusion-image-size-fixed\" aria-haspopup=\"true\">\n\t\t\t\t\t\t\t<a href=\"\" aria-label=\"Miravinya La Chaise\">\n\t\t\t\t\t\t\t<img decoding=\"async\" width=\"800\" height=\"800\" src=\"https:\/\/www.miravinya.cat\/wp-content\/uploads\/2025\/01\/miravinya_la_cadira-1-800x800.jpg\" class=\"attachment-miravinya-quadrat size-miravinya-quadrat wp-post-image\" alt=\"\" srcset=\"https:\/\/www.miravinya.cat\/wp-content\/uploads\/2025\/01\/miravinya_la_cadira-1-66x66.jpg 66w, https:\/\/www.miravinya.cat\/wp-content\/uploads\/2025\/01\/miravinya_la_cadira-1-150x150.jpg 150w, https:\/\/www.miravinya.cat\/wp-content\/uploads\/2025\/01\/miravinya_la_cadira-1-800x800.jpg 800w\" sizes=\"(max-width: 800px) 100vw, 800px\" \/>\t\t\t<\/a>\n\t\t\t\t\t\t\t<\/div>\n<a href=\"https:\/\/www.miravinya.cat\/fr\/mirador\/miravinya-la-cadira\"><div class=\"mir-grid-content\"><h3 class=\"mir-grid-title\">Miravinya La Chaise<\/h3><h5 class=\"mir-grid-title\">Torrelavit<\/h5><\/div><\/a><\/div><div class=\"mir-grid-item\" style=\"border-bottom: 20px solid #dba6ba;\"><div  class=\"fusion-image-wrapper fusion-image-size-fixed\" aria-haspopup=\"true\">\n\t\t\t\t\t\t\t<a href=\"\" aria-label=\"Miravinya La Miranda d\u2019Espiells\">\n\t\t\t\t\t\t\t<img decoding=\"async\" width=\"800\" height=\"800\" src=\"https:\/\/www.miravinya.cat\/wp-content\/uploads\/2025\/01\/miranda_espiells_2-800x800.jpg\" class=\"attachment-miravinya-quadrat size-miravinya-quadrat wp-post-image\" alt=\"\" srcset=\"https:\/\/www.miravinya.cat\/wp-content\/uploads\/2025\/01\/miranda_espiells_2-66x66.jpg 66w, https:\/\/www.miravinya.cat\/wp-content\/uploads\/2025\/01\/miranda_espiells_2-150x150.jpg 150w, https:\/\/www.miravinya.cat\/wp-content\/uploads\/2025\/01\/miranda_espiells_2-800x800.jpg 800w\" sizes=\"(max-width: 800px) 100vw, 800px\" \/>\t\t\t<\/a>\n\t\t\t\t\t\t\t<\/div>\n<a href=\"https:\/\/www.miravinya.cat\/fr\/mirador\/miravinya-la-miranda-despiells\"><div class=\"mir-grid-content\"><h3 class=\"mir-grid-title\">Miravinya La Miranda d\u2019Espiells<\/h3><h5 class=\"mir-grid-title\">Sant Sadurn\u00ed d'Anoia<\/h5><\/div><\/a><\/div><div class=\"mir-grid-item\" style=\"border-bottom: 20px solid #aeccd9;\"><div  class=\"fusion-image-wrapper fusion-image-size-fixed\" aria-haspopup=\"true\">\n\t\t\t\t\t\t\t<a href=\"\" aria-label=\"Miravinya La Bardera\">\n\t\t\t\t\t\t\t<img decoding=\"async\" width=\"800\" height=\"800\" src=\"https:\/\/www.miravinya.cat\/wp-content\/uploads\/2025\/01\/miravinya_la_bardera-800x800.jpg\" class=\"attachment-miravinya-quadrat size-miravinya-quadrat wp-post-image\" alt=\"\" srcset=\"https:\/\/www.miravinya.cat\/wp-content\/uploads\/2025\/01\/miravinya_la_bardera-66x66.jpg 66w, https:\/\/www.miravinya.cat\/wp-content\/uploads\/2025\/01\/miravinya_la_bardera-150x150.jpg 150w, https:\/\/www.miravinya.cat\/wp-content\/uploads\/2025\/01\/miravinya_la_bardera-800x800.jpg 800w\" sizes=\"(max-width: 800px) 100vw, 800px\" \/>\t\t\t<\/a>\n\t\t\t\t\t\t\t<\/div>\n<a href=\"https:\/\/www.miravinya.cat\/fr\/mirador\/miravinya-la-bardera\"><div class=\"mir-grid-content\"><h3 class=\"mir-grid-title\">Miravinya La Bardera<\/h3><h5 class=\"mir-grid-title\">Subirats<\/h5><\/div><\/a><\/div><div class=\"mir-grid-item\" style=\"border-bottom: 20px solid #9caad8;\"><div  class=\"fusion-image-wrapper fusion-image-size-fixed\" aria-haspopup=\"true\">\n\t\t\t\t\t\t\t<a href=\"\" aria-label=\"Miravinya La Vrille\">\n\t\t\t\t\t\t\t<img decoding=\"async\" width=\"800\" height=\"800\" src=\"https:\/\/www.miravinya.cat\/wp-content\/uploads\/2025\/01\/miravinya_el_circell-800x800.jpg\" class=\"attachment-miravinya-quadrat size-miravinya-quadrat wp-post-image\" alt=\"\" srcset=\"https:\/\/www.miravinya.cat\/wp-content\/uploads\/2025\/01\/miravinya_el_circell-66x66.jpg 66w, https:\/\/www.miravinya.cat\/wp-content\/uploads\/2025\/01\/miravinya_el_circell-150x150.jpg 150w, https:\/\/www.miravinya.cat\/wp-content\/uploads\/2025\/01\/miravinya_el_circell-800x800.jpg 800w\" sizes=\"(max-width: 800px) 100vw, 800px\" \/>\t\t\t<\/a>\n\t\t\t\t\t\t\t<\/div>\n<a href=\"https:\/\/www.miravinya.cat\/fr\/mirador\/miravinya-el-circell\"><div class=\"mir-grid-content\"><h3 class=\"mir-grid-title\">Miravinya La Vrille<\/h3><h5 class=\"mir-grid-title\">Avinyonet del Pened\u00e8s<\/h5><\/div><\/a><\/div><div class=\"mir-grid-item\" style=\"border-bottom: 20px solid #f7b8ae;\"><div  class=\"fusion-image-wrapper fusion-image-size-fixed\" aria-haspopup=\"true\">\n\t\t\t\t\t\t\t<a href=\"\" aria-label=\"Miravinya Sant Pau\">\n\t\t\t\t\t\t\t<img decoding=\"async\" width=\"800\" height=\"800\" src=\"https:\/\/www.miravinya.cat\/wp-content\/uploads\/2025\/01\/miravinya_sant_pau-1-800x800.jpg\" class=\"attachment-miravinya-quadrat size-miravinya-quadrat wp-post-image\" alt=\"\" srcset=\"https:\/\/www.miravinya.cat\/wp-content\/uploads\/2025\/01\/miravinya_sant_pau-1-66x66.jpg 66w, https:\/\/www.miravinya.cat\/wp-content\/uploads\/2025\/01\/miravinya_sant_pau-1-150x150.jpg 150w, https:\/\/www.miravinya.cat\/wp-content\/uploads\/2025\/01\/miravinya_sant_pau-1-800x800.jpg 800w\" sizes=\"(max-width: 800px) 100vw, 800px\" \/>\t\t\t<\/a>\n\t\t\t\t\t\t\t<\/div>\n<a href=\"https:\/\/www.miravinya.cat\/fr\/mirador\/miravinya-sant-pau\"><div class=\"mir-grid-content\"><h3 class=\"mir-grid-title\">Miravinya Sant Pau<\/h3><h5 class=\"mir-grid-title\">Vilafranca del Pened\u00e8s<\/h5><\/div><\/a><\/div><div class=\"mir-grid-item\" style=\"border-bottom: 20px solid #c7c7c7;\"><div  class=\"fusion-image-wrapper fusion-image-size-fixed\" aria-haspopup=\"true\">\n\t\t\t\t\t\t\t<a href=\"\" aria-label=\"Miravinya M\u00f6ebius\">\n\t\t\t\t\t\t\t<img decoding=\"async\" width=\"800\" height=\"800\" src=\"https:\/\/www.miravinya.cat\/wp-content\/uploads\/2025\/01\/castellet-4-800x800.jpg\" class=\"attachment-miravinya-quadrat size-miravinya-quadrat wp-post-image\" alt=\"\" srcset=\"https:\/\/www.miravinya.cat\/wp-content\/uploads\/2025\/01\/castellet-4-66x66.jpg 66w, https:\/\/www.miravinya.cat\/wp-content\/uploads\/2025\/01\/castellet-4-150x150.jpg 150w, https:\/\/www.miravinya.cat\/wp-content\/uploads\/2025\/01\/castellet-4-800x800.jpg 800w\" sizes=\"(max-width: 800px) 100vw, 800px\" \/>\t\t\t<\/a>\n\t\t\t\t\t\t\t<\/div>\n<a href=\"https:\/\/www.miravinya.cat\/fr\/mirador\/miravinya-moebius\"><div class=\"mir-grid-content\"><h3 class=\"mir-grid-title\">Miravinya M\u00f6ebius<\/h3><h5 class=\"mir-grid-title\">Castellet i la Gornal<\/h5><\/div><\/a><\/div><div class=\"mir-grid-item\" style=\"border-bottom: 20px solid #f6b7bd;\"><div  class=\"fusion-image-wrapper fusion-image-size-fixed\" aria-haspopup=\"true\">\n\t\t\t\t\t\t\t<a href=\"\" aria-label=\"Miravinya El Castellot\">\n\t\t\t\t\t\t\t<img decoding=\"async\" width=\"800\" height=\"800\" src=\"https:\/\/www.miravinya.cat\/wp-content\/uploads\/2025\/01\/castellot-1-800x800.jpg\" class=\"attachment-miravinya-quadrat size-miravinya-quadrat wp-post-image\" alt=\"\" srcset=\"https:\/\/www.miravinya.cat\/wp-content\/uploads\/2025\/01\/castellot-1-66x66.jpg 66w, https:\/\/www.miravinya.cat\/wp-content\/uploads\/2025\/01\/castellot-1-150x150.jpg 150w, https:\/\/www.miravinya.cat\/wp-content\/uploads\/2025\/01\/castellot-1-800x800.jpg 800w\" sizes=\"(max-width: 800px) 100vw, 800px\" \/>\t\t\t<\/a>\n\t\t\t\t\t\t\t<\/div>\n<a href=\"https:\/\/www.miravinya.cat\/fr\/mirador\/miravinya-el-castellot\"><div class=\"mir-grid-content\"><h3 class=\"mir-grid-title\">Miravinya El Castellot<\/h3><h5 class=\"mir-grid-title\">Castellv\u00ed de la Marca<\/h5><\/div><\/a><\/div><div class=\"mir-grid-item\" style=\"border-bottom: 20px solid #a6a6c4;\"><div  class=\"fusion-image-wrapper fusion-image-size-fixed\" aria-haspopup=\"true\">\n\t\t\t\t\t\t\t<a href=\"\" aria-label=\"Miravinya Sanctuaire de Foix\">\n\t\t\t\t\t\t\t<img decoding=\"async\" width=\"800\" height=\"800\" src=\"https:\/\/www.miravinya.cat\/wp-content\/uploads\/2025\/01\/miravinya_santuari_foix-800x800.jpg\" class=\"attachment-miravinya-quadrat size-miravinya-quadrat wp-post-image\" alt=\"\" srcset=\"https:\/\/www.miravinya.cat\/wp-content\/uploads\/2025\/01\/miravinya_santuari_foix-66x66.jpg 66w, https:\/\/www.miravinya.cat\/wp-content\/uploads\/2025\/01\/miravinya_santuari_foix-150x150.jpg 150w, https:\/\/www.miravinya.cat\/wp-content\/uploads\/2025\/01\/miravinya_santuari_foix-800x800.jpg 800w\" sizes=\"(max-width: 800px) 100vw, 800px\" \/>\t\t\t<\/a>\n\t\t\t\t\t\t\t<\/div>\n<a href=\"https:\/\/www.miravinya.cat\/fr\/mirador\/miravinya-santuari-de-foix\"><div class=\"mir-grid-content\"><h3 class=\"mir-grid-title\">Miravinya Sanctuaire de Foix<\/h3><h5 class=\"mir-grid-title\"><\/h5><\/div><\/a><\/div><div class=\"mir-grid-item\" style=\"border-bottom: 20px solid #a4d4bb;\"><div  class=\"fusion-image-wrapper fusion-image-size-fixed\" aria-haspopup=\"true\">\n\t\t\t\t\t\t\t<a href=\"\" aria-label=\"Miravinya Balcon du Pened\u00e8s\">\n\t\t\t\t\t\t\t<img decoding=\"async\" width=\"800\" height=\"800\" src=\"https:\/\/www.miravinya.cat\/wp-content\/uploads\/2025\/01\/miravinya_balco_penedes-800x800.jpg\" class=\"attachment-miravinya-quadrat size-miravinya-quadrat wp-post-image\" alt=\"\" srcset=\"https:\/\/www.miravinya.cat\/wp-content\/uploads\/2025\/01\/miravinya_balco_penedes-66x66.jpg 66w, https:\/\/www.miravinya.cat\/wp-content\/uploads\/2025\/01\/miravinya_balco_penedes-150x150.jpg 150w, https:\/\/www.miravinya.cat\/wp-content\/uploads\/2025\/01\/miravinya_balco_penedes-800x800.jpg 800w\" sizes=\"(max-width: 800px) 100vw, 800px\" \/>\t\t\t<\/a>\n\t\t\t\t\t\t\t<\/div>\n<a href=\"https:\/\/www.miravinya.cat\/fr\/mirador\/miravinya-balco-del-penedes\"><div class=\"mir-grid-content\"><h3 class=\"mir-grid-title\">Miravinya Balcon du Pened\u00e8s<\/h3><h5 class=\"mir-grid-title\">Font-rub\u00ed<\/h5><\/div><\/a><\/div><\/div>\n<\/div><\/div><\/div><\/div><\/div><div class=\"fusion-fullwidth fullwidth-box fusion-builder-row-3 fusion-flex-container has-pattern-background has-mask-background nonhundred-percent-fullwidth non-hundred-percent-height-scrolling\" style=\"--awb-border-radius-top-left:0px;--awb-border-radius-top-right:0px;--awb-border-radius-bottom-right:0px;--awb-border-radius-bottom-left:0px;--awb-margin-top:80px;--awb-margin-bottom:80px;--awb-flex-wrap:wrap;\" ><div class=\"fusion-builder-row fusion-row fusion-flex-align-items-flex-start fusion-flex-justify-content-center fusion-flex-content-wrap\" style=\"max-width:1664px;margin-left: calc(-4% \/ 2 );margin-right: calc(-4% \/ 2 );\"><div class=\"fusion-layout-column fusion_builder_column fusion-builder-column-2 fusion_builder_column_3_4 3_4 fusion-flex-column\" style=\"--awb-bg-size:cover;--awb-width-large:75%;--awb-margin-top-large:0px;--awb-spacing-right-large:2.56%;--awb-margin-bottom-large:20px;--awb-spacing-left-large:2.56%;--awb-width-medium:75%;--awb-order-medium:0;--awb-spacing-right-medium:2.56%;--awb-spacing-left-medium:2.56%;--awb-width-small:100%;--awb-order-small:0;--awb-spacing-right-small:1.92%;--awb-spacing-left-small:1.92%;\"><div class=\"fusion-column-wrapper fusion-column-has-shadow fusion-flex-justify-content-flex-start fusion-content-layout-column\"><div class=\"fusion-title title fusion-title-2 fusion-sep-none fusion-title-center fusion-title-text fusion-title-size-one\"><h1 class=\"fusion-title-heading title-heading-center fusion-responsive-typography-calculated\" style=\"margin:0;--fontSize:64;line-height:1.1;\">Points d\u2019int\u00e9r\u00eat<\/h1><\/div><div class=\"fusion-text fusion-text-3\" style=\"--awb-content-alignment:center;\"><p>Entre chaque belv\u00e9d\u00e8re, faites une halte aux points d\u2019int\u00e9r\u00eat que vous d\u00e9couvrirez tout au long du parcours.<\/p>\n<\/div><\/div><\/div><\/div><\/div><div class=\"fusion-fullwidth fullwidth-box fusion-builder-row-4 fusion-flex-container has-pattern-background has-mask-background nonhundred-percent-fullwidth non-hundred-percent-height-scrolling\" style=\"--awb-border-radius-top-left:0px;--awb-border-radius-top-right:0px;--awb-border-radius-bottom-right:0px;--awb-border-radius-bottom-left:0px;--awb-flex-wrap:wrap;\" ><div class=\"fusion-builder-row fusion-row fusion-flex-align-items-flex-start fusion-flex-content-wrap\" style=\"max-width:1664px;margin-left: calc(-4% \/ 2 );margin-right: calc(-4% \/ 2 );\"><div class=\"fusion-layout-column fusion_builder_column fusion-builder-column-3 fusion_builder_column_1_1 1_1 fusion-flex-column\" style=\"--awb-bg-size:cover;--awb-width-large:100%;--awb-margin-top-large:0px;--awb-spacing-right-large:1.92%;--awb-margin-bottom-large:20px;--awb-spacing-left-large:1.92%;--awb-width-medium:100%;--awb-order-medium:0;--awb-spacing-right-medium:1.92%;--awb-spacing-left-medium:1.92%;--awb-width-small:100%;--awb-order-small:0;--awb-spacing-right-small:1.92%;--awb-spacing-left-small:1.92%;\"><div class=\"fusion-column-wrapper fusion-column-has-shadow fusion-flex-justify-content-flex-start fusion-content-layout-column\"><div class=\"fusion-text fusion-text-4\"><div class=\"mir-grid\"><div class=\"mir-grid-item\" style=\"border-bottom: 20px solid #eac9b4;\"><div  class=\"fusion-image-wrapper fusion-image-size-fixed\" aria-haspopup=\"true\">\n\t\t\t\t\t\t\t<a href=\"\" aria-label=\"Moulins \u00e0 papier de la rivi\u00e8re de Riudebitlles\">\n\t\t\t\t\t\t\t<img decoding=\"async\" width=\"800\" height=\"800\" src=\"https:\/\/www.miravinya.cat\/wp-content\/uploads\/2025\/01\/molins_paperers_riudebitlles-800x800.jpg\" class=\"attachment-miravinya-quadrat size-miravinya-quadrat wp-post-image\" alt=\"\" srcset=\"https:\/\/www.miravinya.cat\/wp-content\/uploads\/2025\/01\/molins_paperers_riudebitlles-66x66.jpg 66w, https:\/\/www.miravinya.cat\/wp-content\/uploads\/2025\/01\/molins_paperers_riudebitlles-150x150.jpg 150w, https:\/\/www.miravinya.cat\/wp-content\/uploads\/2025\/01\/molins_paperers_riudebitlles-800x800.jpg 800w\" sizes=\"(max-width: 800px) 100vw, 800px\" \/>\t\t\t<\/a>\n\t\t\t\t\t\t\t<\/div>\n<a href=\"https:\/\/www.miravinya.cat\/fr\/puntinteres\/molins-paperers-del-riu-de-bitlles\"><div class=\"mir-grid-content\"><h3 class=\"mir-grid-title\">Moulins \u00e0 papier de la rivi\u00e8re de Riudebitlles<\/h3><h5 class=\"mir-grid-title\">Mediona<\/h5><\/div><\/a><\/div><div class=\"mir-grid-item\" style=\"border-bottom: 20px solid #a6d0c8;\"><div  class=\"fusion-image-wrapper fusion-image-size-fixed\" aria-haspopup=\"true\">\n\t\t\t\t\t\t\t<a href=\"\" aria-label=\"La rivi\u00e8re Mediona\">\n\t\t\t\t\t\t\t<img decoding=\"async\" width=\"800\" height=\"800\" src=\"https:\/\/www.miravinya.cat\/wp-content\/uploads\/2025\/01\/riu_mediona-800x800.jpg\" class=\"attachment-miravinya-quadrat size-miravinya-quadrat wp-post-image\" alt=\"\" srcset=\"https:\/\/www.miravinya.cat\/wp-content\/uploads\/2025\/01\/riu_mediona-66x66.jpg 66w, https:\/\/www.miravinya.cat\/wp-content\/uploads\/2025\/01\/riu_mediona-150x150.jpg 150w, https:\/\/www.miravinya.cat\/wp-content\/uploads\/2025\/01\/riu_mediona-800x800.jpg 800w\" sizes=\"(max-width: 800px) 100vw, 800px\" \/>\t\t\t<\/a>\n\t\t\t\t\t\t\t<\/div>\n<a href=\"https:\/\/www.miravinya.cat\/fr\/puntinteres\/el-riu-mediona\"><div class=\"mir-grid-content\"><h3 class=\"mir-grid-title\">La rivi\u00e8re Mediona<\/h3><h5 class=\"mir-grid-title\">Sant Quint\u00ed de Mediona<\/h5><\/div><\/a><\/div><div class=\"mir-grid-item\" style=\"border-bottom: 20px solid #d29eb2;\"><div  class=\"fusion-image-wrapper fusion-image-size-fixed\" aria-haspopup=\"true\">\n\t\t\t\t\t\t\t<a href=\"\" aria-label=\"R\u00e9sidences d\u2019\u00e9t\u00e9\">\n\t\t\t\t\t\t\t<img decoding=\"async\" width=\"800\" height=\"800\" src=\"https:\/\/www.miravinya.cat\/wp-content\/uploads\/2025\/01\/cases_destiueig-800x800.jpg\" class=\"attachment-miravinya-quadrat size-miravinya-quadrat wp-post-image\" alt=\"\" srcset=\"https:\/\/www.miravinya.cat\/wp-content\/uploads\/2025\/01\/cases_destiueig-66x66.jpg 66w, https:\/\/www.miravinya.cat\/wp-content\/uploads\/2025\/01\/cases_destiueig-150x150.jpg 150w, https:\/\/www.miravinya.cat\/wp-content\/uploads\/2025\/01\/cases_destiueig-800x800.jpg 800w\" sizes=\"(max-width: 800px) 100vw, 800px\" \/>\t\t\t<\/a>\n\t\t\t\t\t\t\t<\/div>\n<a href=\"https:\/\/www.miravinya.cat\/fr\/puntinteres\/cases-destiueig\"><div class=\"mir-grid-content\"><h3 class=\"mir-grid-title\">R\u00e9sidences d\u2019\u00e9t\u00e9<\/h3><h5 class=\"mir-grid-title\">Gelida<\/h5><\/div><\/a><\/div><div class=\"mir-grid-item\" style=\"border-bottom: 20px solid #a6c3cf;\"><div  class=\"fusion-image-wrapper fusion-image-size-fixed\" aria-haspopup=\"true\">\n\t\t\t\t\t\t\t<a href=\"\" aria-label=\"Hameau et Palais de Torre-ramona\">\n\t\t\t\t\t\t\t<img decoding=\"async\" width=\"800\" height=\"800\" src=\"https:\/\/www.miravinya.cat\/wp-content\/uploads\/2025\/01\/nucli_palau_torre_ramona-800x800.jpg\" class=\"attachment-miravinya-quadrat size-miravinya-quadrat wp-post-image\" alt=\"\" srcset=\"https:\/\/www.miravinya.cat\/wp-content\/uploads\/2025\/01\/nucli_palau_torre_ramona-66x66.jpg 66w, https:\/\/www.miravinya.cat\/wp-content\/uploads\/2025\/01\/nucli_palau_torre_ramona-150x150.jpg 150w, https:\/\/www.miravinya.cat\/wp-content\/uploads\/2025\/01\/nucli_palau_torre_ramona-800x800.jpg 800w\" sizes=\"(max-width: 800px) 100vw, 800px\" \/>\t\t\t<\/a>\n\t\t\t\t\t\t\t<\/div>\n<a href=\"https:\/\/www.miravinya.cat\/fr\/puntinteres\/nucli-i-palau-de-torre-ramona\"><div class=\"mir-grid-content\"><h3 class=\"mir-grid-title\">Hameau et Palais de Torre-ramona<\/h3><h5 class=\"mir-grid-title\">Subirats<\/h5><\/div><\/a><\/div><div class=\"mir-grid-item\" style=\"border-bottom: 20px solid #91a1cc;\"><div  class=\"fusion-image-wrapper fusion-image-size-fixed\" aria-haspopup=\"true\">\n\t\t\t\t\t\t\t<a href=\"\" aria-label=\"Monast\u00e8re de Sant Sebasti\u00e0 dels Gorgs\">\n\t\t\t\t\t\t\t<img decoding=\"async\" width=\"800\" height=\"800\" src=\"https:\/\/www.miravinya.cat\/wp-content\/uploads\/2025\/01\/monestir_sant_sebastia-800x800.jpg\" class=\"attachment-miravinya-quadrat size-miravinya-quadrat wp-post-image\" alt=\"\" srcset=\"https:\/\/www.miravinya.cat\/wp-content\/uploads\/2025\/01\/monestir_sant_sebastia-66x66.jpg 66w, https:\/\/www.miravinya.cat\/wp-content\/uploads\/2025\/01\/monestir_sant_sebastia-150x150.jpg 150w, https:\/\/www.miravinya.cat\/wp-content\/uploads\/2025\/01\/monestir_sant_sebastia-800x800.jpg 800w\" sizes=\"(max-width: 800px) 100vw, 800px\" \/>\t\t\t<\/a>\n\t\t\t\t\t\t\t<\/div>\n<a href=\"https:\/\/www.miravinya.cat\/fr\/puntinteres\/monestir-de-sant-sebastia-dels-gorgs\"><div class=\"mir-grid-content\"><h3 class=\"mir-grid-title\">Monast\u00e8re de Sant Sebasti\u00e0 dels Gorgs<\/h3><h5 class=\"mir-grid-title\"><\/h5><\/div><\/a><\/div><div class=\"mir-grid-item\" style=\"border-bottom: 20px solid #f7b8ae;\"><div  class=\"fusion-image-wrapper fusion-image-size-fixed\" aria-haspopup=\"true\">\n\t\t\t\t\t\t\t<a href=\"\" aria-label=\"Ch\u00e2teau de Penyafort\">\n\t\t\t\t\t\t\t<img decoding=\"async\" width=\"800\" height=\"800\" src=\"https:\/\/www.miravinya.cat\/wp-content\/uploads\/2025\/01\/castell_penyafort-800x800.jpg\" class=\"attachment-miravinya-quadrat size-miravinya-quadrat wp-post-image\" alt=\"\" srcset=\"https:\/\/www.miravinya.cat\/wp-content\/uploads\/2025\/01\/castell_penyafort-66x66.jpg 66w, https:\/\/www.miravinya.cat\/wp-content\/uploads\/2025\/01\/castell_penyafort-150x150.jpg 150w, https:\/\/www.miravinya.cat\/wp-content\/uploads\/2025\/01\/castell_penyafort-800x800.jpg 800w\" sizes=\"(max-width: 800px) 100vw, 800px\" \/>\t\t\t<\/a>\n\t\t\t\t\t\t\t<\/div>\n<a href=\"https:\/\/www.miravinya.cat\/fr\/puntinteres\/castell-de-penyafort\"><div class=\"mir-grid-content\"><h3 class=\"mir-grid-title\">Ch\u00e2teau de Penyafort<\/h3><h5 class=\"mir-grid-title\">Santa Margarida i els Monjos<\/h5><\/div><\/a><\/div><div class=\"mir-grid-item\" style=\"border-bottom: 20px solid #c7c7c7;\"><div  class=\"fusion-image-wrapper fusion-image-size-fixed\" aria-haspopup=\"true\">\n\t\t\t\t\t\t\t<a href=\"\" aria-label=\"Castellet\">\n\t\t\t\t\t\t\t<img decoding=\"async\" width=\"800\" height=\"800\" src=\"https:\/\/www.miravinya.cat\/wp-content\/uploads\/2025\/01\/castellet-1-800x800.jpg\" class=\"attachment-miravinya-quadrat size-miravinya-quadrat wp-post-image\" alt=\"\" srcset=\"https:\/\/www.miravinya.cat\/wp-content\/uploads\/2025\/01\/castellet-1-66x66.jpg 66w, https:\/\/www.miravinya.cat\/wp-content\/uploads\/2025\/01\/castellet-1-150x150.jpg 150w, https:\/\/www.miravinya.cat\/wp-content\/uploads\/2025\/01\/castellet-1-800x800.jpg 800w\" sizes=\"(max-width: 800px) 100vw, 800px\" \/>\t\t\t<\/a>\n\t\t\t\t\t\t\t<\/div>\n<a href=\"https:\/\/www.miravinya.cat\/fr\/puntinteres\/castellet\"><div class=\"mir-grid-content\"><h3 class=\"mir-grid-title\">Castellet<\/h3><h5 class=\"mir-grid-title\">Castellet i la Gornal<\/h5><\/div><\/a><\/div><div class=\"mir-grid-item\" style=\"border-bottom: 20px solid #a4d4bb;\"><div  class=\"fusion-image-wrapper fusion-image-size-fixed\" aria-haspopup=\"true\">\n\t\t\t\t\t\t\t<a href=\"\" aria-label=\"Parc dels Talls\">\n\t\t\t\t\t\t\t<img decoding=\"async\" width=\"800\" height=\"800\" src=\"https:\/\/www.miravinya.cat\/wp-content\/uploads\/2025\/01\/parc_dels_talls-800x800.jpg\" class=\"attachment-miravinya-quadrat size-miravinya-quadrat wp-post-image\" alt=\"\" srcset=\"https:\/\/www.miravinya.cat\/wp-content\/uploads\/2025\/01\/parc_dels_talls-66x66.jpg 66w, https:\/\/www.miravinya.cat\/wp-content\/uploads\/2025\/01\/parc_dels_talls-150x150.jpg 150w, https:\/\/www.miravinya.cat\/wp-content\/uploads\/2025\/01\/parc_dels_talls-800x800.jpg 800w\" sizes=\"(max-width: 800px) 100vw, 800px\" \/>\t\t\t<\/a>\n\t\t\t\t\t\t\t<\/div>\n<a href=\"https:\/\/www.miravinya.cat\/fr\/puntinteres\/parc-dels-talls\"><div class=\"mir-grid-content\"><h3 class=\"mir-grid-title\">Parc dels Talls<\/h3><h5 class=\"mir-grid-title\">Vilob\u00ed del Pened\u00e8s<\/h5><\/div><\/a><\/div><\/div>\n<\/div><\/div><\/div><\/div><\/div><\/p>\n","protected":false},"excerpt":{"rendered":"","protected":false},"author":1,"featured_media":0,"parent":0,"menu_order":0,"comment_status":"closed","ping_status":"closed","template":"100-width.php","meta":{"footnotes":""},"class_list":["post-1238","page","type-page","status-publish","hentry"],"acf":[],"yoast_head":"<!-- This site is optimized with the Yoast SEO plugin v24.5 - https:\/\/yoast.com\/wordpress\/plugins\/seo\/ -->\n<title>Belv\u00e9d\u00e8res - Miravinya<\/title>\n<meta name=\"robots\" content=\"index, follow, max-snippet:-1, max-image-preview:large, max-video-preview:-1\" \/>\n<link rel=\"canonical\" href=\"https:\/\/www.miravinya.cat\/miradors\" \/>\n<meta property=\"og:locale\" content=\"fr_FR\" \/>\n<meta property=\"og:type\" content=\"article\" \/>\n<meta property=\"og:title\" content=\"Belv\u00e9d\u00e8res - Miravinya\" \/>\n<meta property=\"og:url\" content=\"https:\/\/www.miravinya.cat\/miradors\" \/>\n<meta property=\"og:site_name\" content=\"Miravinya\" \/>\n<meta property=\"article:publisher\" content=\"https:\/\/www.facebook.com\/penedesturisme\/\" \/>\n<meta property=\"article:modified_time\" content=\"2025-01-20T11:03:30+00:00\" \/>\n<meta name=\"twitter:card\" content=\"summary_large_image\" \/>\n<meta name=\"twitter:site\" content=\"@penedesturisme\" \/>\n<meta name=\"twitter:label1\" content=\"Dur\u00e9e de lecture estim\u00e9e\" \/>\n\t<meta name=\"twitter:data1\" content=\"12 minutes\" \/>\n<script type=\"application\/ld+json\" class=\"yoast-schema-graph\">{\"@context\":\"https:\/\/schema.org\",\"@graph\":[{\"@type\":\"WebPage\",\"@id\":\"https:\/\/www.miravinya.cat\/miradors\",\"url\":\"https:\/\/www.miravinya.cat\/miradors\",\"name\":\"Belv\u00e9d\u00e8res - Miravinya\",\"isPartOf\":{\"@id\":\"https:\/\/www.miravinya.cat\/#website\"},\"datePublished\":\"2025-01-07T12:11:25+00:00\",\"dateModified\":\"2025-01-20T11:03:30+00:00\",\"breadcrumb\":{\"@id\":\"https:\/\/www.miravinya.cat\/miradors#breadcrumb\"},\"inLanguage\":\"fr-FR\",\"potentialAction\":[{\"@type\":\"ReadAction\",\"target\":[\"https:\/\/www.miravinya.cat\/miradors\"]}]},{\"@type\":\"BreadcrumbList\",\"@id\":\"https:\/\/www.miravinya.cat\/miradors#breadcrumb\",\"itemListElement\":[{\"@type\":\"ListItem\",\"position\":1,\"name\":\"Inici\",\"item\":\"https:\/\/www.miravinya.cat\/fr\"},{\"@type\":\"ListItem\",\"position\":2,\"name\":\"Belv\u00e9d\u00e8res\"}]},{\"@type\":\"WebSite\",\"@id\":\"https:\/\/www.miravinya.cat\/#website\",\"url\":\"https:\/\/www.miravinya.cat\/\",\"name\":\"Miravinya - Pened\u00e8s Turisme\",\"description\":\"\",\"publisher\":{\"@id\":\"https:\/\/www.miravinya.cat\/#organization\"},\"potentialAction\":[{\"@type\":\"SearchAction\",\"target\":{\"@type\":\"EntryPoint\",\"urlTemplate\":\"https:\/\/www.miravinya.cat\/?s={search_term_string}\"},\"query-input\":{\"@type\":\"PropertyValueSpecification\",\"valueRequired\":true,\"valueName\":\"search_term_string\"}}],\"inLanguage\":\"fr-FR\"},{\"@type\":\"Organization\",\"@id\":\"https:\/\/www.miravinya.cat\/#organization\",\"name\":\"Miravinya - Pened\u00e8s Turisme\",\"url\":\"https:\/\/www.miravinya.cat\/\",\"logo\":{\"@type\":\"ImageObject\",\"inLanguage\":\"fr-FR\",\"@id\":\"https:\/\/www.miravinya.cat\/#\/schema\/logo\/image\/\",\"url\":\"https:\/\/www.miravinya.cat\/wp-content\/uploads\/2025\/01\/logo_miravinya_negre_menu.svg\",\"contentUrl\":\"https:\/\/www.miravinya.cat\/wp-content\/uploads\/2025\/01\/logo_miravinya_negre_menu.svg\",\"width\":295,\"height\":85,\"caption\":\"Miravinya - Pened\u00e8s Turisme\"},\"image\":{\"@id\":\"https:\/\/www.miravinya.cat\/#\/schema\/logo\/image\/\"},\"sameAs\":[\"https:\/\/www.facebook.com\/penedesturisme\/\",\"https:\/\/x.com\/penedesturisme\",\"https:\/\/www.instagram.com\/penedesturisme\/\",\"https:\/\/www.youtube.com\/channel\/UCIorBt69xizZaF8GrBJ7P1A\"]}]}<\/script>\n<!-- \/ Yoast SEO plugin. -->","yoast_head_json":{"title":"Belv\u00e9d\u00e8res - Miravinya","robots":{"index":"index","follow":"follow","max-snippet":"max-snippet:-1","max-image-preview":"max-image-preview:large","max-video-preview":"max-video-preview:-1"},"canonical":"https:\/\/www.miravinya.cat\/miradors","og_locale":"fr_FR","og_type":"article","og_title":"Belv\u00e9d\u00e8res - Miravinya","og_url":"https:\/\/www.miravinya.cat\/miradors","og_site_name":"Miravinya","article_publisher":"https:\/\/www.facebook.com\/penedesturisme\/","article_modified_time":"2025-01-20T11:03:30+00:00","twitter_card":"summary_large_image","twitter_site":"@penedesturisme","twitter_misc":{"Dur\u00e9e de lecture estim\u00e9e":"12 minutes"},"schema":{"@context":"https:\/\/schema.org","@graph":[{"@type":"WebPage","@id":"https:\/\/www.miravinya.cat\/miradors","url":"https:\/\/www.miravinya.cat\/miradors","name":"Belv\u00e9d\u00e8res - Miravinya","isPartOf":{"@id":"https:\/\/www.miravinya.cat\/#website"},"datePublished":"2025-01-07T12:11:25+00:00","dateModified":"2025-01-20T11:03:30+00:00","breadcrumb":{"@id":"https:\/\/www.miravinya.cat\/miradors#breadcrumb"},"inLanguage":"fr-FR","potentialAction":[{"@type":"ReadAction","target":["https:\/\/www.miravinya.cat\/miradors"]}]},{"@type":"BreadcrumbList","@id":"https:\/\/www.miravinya.cat\/miradors#breadcrumb","itemListElement":[{"@type":"ListItem","position":1,"name":"Inici","item":"https:\/\/www.miravinya.cat\/fr"},{"@type":"ListItem","position":2,"name":"Belv\u00e9d\u00e8res"}]},{"@type":"WebSite","@id":"https:\/\/www.miravinya.cat\/#website","url":"https:\/\/www.miravinya.cat\/","name":"Miravinya - Pened\u00e8s Turisme","description":"","publisher":{"@id":"https:\/\/www.miravinya.cat\/#organization"},"potentialAction":[{"@type":"SearchAction","target":{"@type":"EntryPoint","urlTemplate":"https:\/\/www.miravinya.cat\/?s={search_term_string}"},"query-input":{"@type":"PropertyValueSpecification","valueRequired":true,"valueName":"search_term_string"}}],"inLanguage":"fr-FR"},{"@type":"Organization","@id":"https:\/\/www.miravinya.cat\/#organization","name":"Miravinya - Pened\u00e8s Turisme","url":"https:\/\/www.miravinya.cat\/","logo":{"@type":"ImageObject","inLanguage":"fr-FR","@id":"https:\/\/www.miravinya.cat\/#\/schema\/logo\/image\/","url":"https:\/\/www.miravinya.cat\/wp-content\/uploads\/2025\/01\/logo_miravinya_negre_menu.svg","contentUrl":"https:\/\/www.miravinya.cat\/wp-content\/uploads\/2025\/01\/logo_miravinya_negre_menu.svg","width":295,"height":85,"caption":"Miravinya - Pened\u00e8s Turisme"},"image":{"@id":"https:\/\/www.miravinya.cat\/#\/schema\/logo\/image\/"},"sameAs":["https:\/\/www.facebook.com\/penedesturisme\/","https:\/\/x.com\/penedesturisme","https:\/\/www.instagram.com\/penedesturisme\/","https:\/\/www.youtube.com\/channel\/UCIorBt69xizZaF8GrBJ7P1A"]}]}},"_links":{"self":[{"href":"https:\/\/www.miravinya.cat\/fr\/wp-json\/wp\/v2\/pages\/1238","targetHints":{"allow":["GET"]}}],"collection":[{"href":"https:\/\/www.miravinya.cat\/fr\/wp-json\/wp\/v2\/pages"}],"about":[{"href":"https:\/\/www.miravinya.cat\/fr\/wp-json\/wp\/v2\/types\/page"}],"author":[{"embeddable":true,"href":"https:\/\/www.miravinya.cat\/fr\/wp-json\/wp\/v2\/users\/1"}],"replies":[{"embeddable":true,"href":"https:\/\/www.miravinya.cat\/fr\/wp-json\/wp\/v2\/comments?post=1238"}],"version-history":[{"count":2,"href":"https:\/\/www.miravinya.cat\/fr\/wp-json\/wp\/v2\/pages\/1238\/revisions"}],"predecessor-version":[{"id":1240,"href":"https:\/\/www.miravinya.cat\/fr\/wp-json\/wp\/v2\/pages\/1238\/revisions\/1240"}],"wp:attachment":[{"href":"https:\/\/www.miravinya.cat\/fr\/wp-json\/wp\/v2\/media?parent=1238"}],"curies":[{"name":"wp","href":"https:\/\/api.w.org\/{rel}","templated":true}]}}